{"id":616,"date":"2024-12-11T14:58:56","date_gmt":"2024-12-11T13:58:56","guid":{"rendered":"https:\/\/thevillasarchitect.com\/?page_id=616"},"modified":"2026-03-09T15:28:14","modified_gmt":"2026-03-09T14:28:14","slug":"aviso-legal","status":"publish","type":"page","link":"https:\/\/thevillasarchitect.com\/es\/aviso-legal\/","title":{"rendered":"Aviso Legal"},"content":{"rendered":"\t\t<div data-elementor-type=\"wp-page\" data-elementor-id=\"616\" class=\"elementor elementor-616\" data-elementor-post-type=\"page\">\n\t\t\t\t<div class=\"elementor-element elementor-element-53e7d30 e-flex e-con-boxed e-con e-parent\" data-id=\"53e7d30\" data-element_type=\"container\" data-e-type=\"container\" data-settings=\"{&quot;background_background&quot;:&quot;classic&quot;}\">\n\t\t\t\t\t<div class=\"e-con-inner\">\n\t\t\t\t<div class=\"elementor-element elementor-element-bc300ac de_scroll_animation_no elementor-widget elementor-widget-text-editor\" data-id=\"bc300ac\" data-element_type=\"widget\" data-e-type=\"widget\" data-widget_type=\"text-editor.default\">\n\t\t\t\t<div class=\"elementor-widget-container\">\n\t\t\t\t\t\t\t\t\t<h1><strong><u>AVISO LEGAL<\/u><\/strong><\/h1><p>\u00a0<\/p><p>En cumplimiento del deber de informaci\u00f3n recogido en el art\u00edculo 10 de la Ley 34\/2002, de 11 de julio, de Servicios de la Sociedad de la Informaci\u00f3n se exponen los datos de informaci\u00f3n general de este sitio web:<\/p><ul><li>Nombre: ARQUIGRAF PROYECTOS, S.L.P.<\/li><li>NIF: B-92230101<\/li><li>Inscrito en el Registro Mercantil de M\u00e1laga T 2765, L 1678, F 87, H MA-48257, Inscripci\u00f3n 3\u00ba (24\/12\/2008)<\/li><li>Direcci\u00f3n: Andaluc\u00eda n\u00ba 42, 29680, Estepona (M\u00e1laga)<\/li><li>Tel\u00e9fono: +34 952.795.837.<\/li><li>Email: <a href=\"mailto:jmgarrido@agfproyectos.com\">jmgarrido@agfproyectos.com<\/a><\/li><\/ul><ol><li><strong>Objeto<\/strong><\/li><\/ol><p>Las personas que accedan a este sitio web asumen el papel de usuario, y se comprometen a la observancia y riguroso cumplimiento de las disposiciones dispuestas, as\u00ed como a cualquier disposici\u00f3n legal que fuera de aplicaci\u00f3n.<\/p><p>ARQUIGRAF PROYECTOS, S.L.P., en adelante, AGF PROYECTOS, se reserva el derecho de modificar cualquier informaci\u00f3n que pueda aparecer en el sitio web, sin que tenga obligaci\u00f3n de preavisar o poner en conocimiento de los usuarios dichas obligaciones, entendi\u00e9ndose como suficiente con la publicaci\u00f3n en el sitio web.<\/p><ol start=\"2\"><li><strong>Responsabilidad<\/strong><\/li><\/ol><p>Con los l\u00edmites establecidos en la ley, AGF PROYECTOS\u00a0 no asume ninguna responsabilidad por la falta de integridad, veracidad, actualizaci\u00f3n y precisi\u00f3n de los datos o informaciones que contienen en su p\u00e1gina web.<\/p><p>La p\u00e1gina web de AGF PROYECTOS puede contener enlaces a otras p\u00e1ginas de terceros que AGF PROYECTOS no puede controlar. Por lo que AGF PROYECTOS \u00a0no puede asumir responsabilidades por el contenido que pueda aparecer en dichas p\u00e1ginas. En todo caso, AGF PROYECTOS podr\u00e1 proceder a la retirada inmediata de cualquier contenido que pudiera contravenir la legislaci\u00f3n nacional o internacional, la moral o el orden p\u00fablico, retirando la redirecci\u00f3n a dicho sitio web.<\/p><p>Atendiendo a lo dispuesto en el art. 11 y 16 de la LSSI, AGF PROYECTOS se pone a disposici\u00f3n de todos los usuarios, autoridades y fuerzas de seguridad, colaborando de forma activa en la retirada de aquellos contenidos que pudieran contravenir o afectar la legislaci\u00f3n nacional o internacional, derechos de terceros o la moral y el orden p\u00fablico. Si un usuario considerara que existiera en el sitio web alg\u00fan contenido como los anteriormente descritos, se ruega que lo informe de manera inmediata a AGF PROYECTOS.<\/p><p>El usuario se compromete a usar nuestra plataforma de forma l\u00edcita, de acuerdo con lo dispuesto en el presente Aviso Legal y de manera que no perjudique a los derechos o intereses de AGF PROYECTOS o de terceros. A t\u00edtulo enunciativo y en ning\u00fan caso limitativo o excluyente, el usuario se compromete a:<\/p><ul><li>No incurrir en actividades ilegales o contrarias al orden p\u00fablico o a la buena fe.<\/li><li>No introducir o difundir en la web informaci\u00f3n o contenidos falsos, enga\u00f1osos, ambiguos o inexactos de forma que introduzcan a error a los receptores de la informaci\u00f3n, ni tampoco difundir contenidos de car\u00e1cter racista, xen\u00f3fobo, pornogr\u00e1fico, de apolog\u00eda del terrorismo o atentatorio contra los derechos humanos o de los menores;<\/li><li>No realizar acciones que supongan o conlleven una violaci\u00f3n de los derechos de propiedad intelectual o industrial de AGF PROYECTOS o de terceros.<\/li><li>No provocar da\u00f1os en los sistemas f\u00edsicos y l\u00f3gicos de AGF PROYECTOS, sus proveedores o de terceras personas.<\/li><li>No introducir o difundir en la red virus inform\u00e1ticos o utilizar cualesquiera otros sistemas f\u00edsicos o l\u00f3gicos que sean susceptibles de provocar los da\u00f1os anteriormente mencionados.<\/li><li>No suprimir, alterar, eludir o manipular cualquier dispositivo de protecci\u00f3n o sistema de seguridad que estuviera instalado en las p\u00e1ginas de este sitio Web.<\/li><\/ul><ol start=\"3\"><li><strong>Propiedad Intelectual. <\/strong><\/li><\/ol><p>El contenido que se muestra en o a trav\u00e9s del sitio web est\u00e1 protegido de acuerdo con la normativa vigente. A excepci\u00f3n de autorizaci\u00f3n de AGF PROYECTOS o salvo que la legislaci\u00f3n lo permita, no se podr\u00e1 copiar, modificar, manipular, vender, arrendar o explotar contenidos de la web. Asimismo no se podr\u00e1 piratear o realizar cualquier operaci\u00f3n destinada a obtener cualquier c\u00f3digo-fuente de esta web.\u00a0 Queda expresamente prohibido el uso de los textos o im\u00e1genes del anuncio o cualquier elemento de la web sin previa autorizaci\u00f3n expresa de AGF PROYECTOS.<\/p><ol start=\"4\"><li><strong>Ley aplicable.<\/strong><\/li><\/ol><p>La ley aplicable en caso de disputa o conflicto de interpretaci\u00f3n de los t\u00e9rminos que conforman este Aviso Legal, as\u00ed como cualquier cuesti\u00f3n relacionada con los servicios del presente sitio web, ser\u00e1 la ley espa\u00f1ola.<\/p>\t\t\t\t\t\t\t\t<\/div>\n\t\t\t\t<\/div>\n\t\t\t\t\t<\/div>\n\t\t\t\t<\/div>\n\t\t\t\t<\/div>\n\t\t","protected":false},"excerpt":{"rendered":"<p>AVISO LEGAL \u00a0 En cumplimiento del deber de informaci\u00f3n recogido en el art\u00edculo 10 de la Ley 34\/2002, de 11 de julio, de Servicios de la Sociedad de la Informaci\u00f3n se exponen los datos de informaci\u00f3n general de este sitio web: Nombre: ARQUIGRAF PROYECTOS, S.L.P. NIF: B-92230101 Inscrito en el Registro Mercantil de M\u00e1laga T &#8230; <a title=\"Aviso Legal\" class=\"read-more\" href=\"https:\/\/thevillasarchitect.com\/es\/aviso-legal\/\" aria-label=\"Leer m\u00e1s sobre Aviso Legal\">Leer m\u00e1s<\/a><\/p>\n","protected":false},"author":1,"featured_media":0,"parent":0,"menu_order":0,"comment_status":"closed","ping_status":"closed","template":"elementor_header_footer","meta":{"footnotes":""},"class_list":["post-616","page","type-page","status-publish"],"yoast_head":"<!-- This site is optimized with the Yoast SEO plugin v27.4 - https:\/\/yoast.com\/product\/yoast-seo-wordpress\/ -->\n<title>Aviso Legal | Villas<\/title>\n<meta name=\"description\" content=\"A **legal notice** is a section on a website that provides **legal information about the site, its owner, and the terms of use**. It helps inform users about **their rights, responsibilities, and the legal conditions for accessing and using the website**.\" \/>\n<meta name=\"robots\" content=\"index, follow, max-snippet:-1, max-image-preview:large, max-video-preview:-1\" \/>\n<link rel=\"canonical\" href=\"https:\/\/thevillasarchitect.com\/es\/aviso-legal\/\" \/>\n<meta property=\"og:locale\" content=\"es_ES\" \/>\n<meta property=\"og:type\" content=\"article\" \/>\n<meta property=\"og:title\" content=\"Aviso Legal | Villas\" \/>\n<meta property=\"og:description\" content=\"A **legal notice** is a section on a website that provides **legal information about the site, its owner, and the terms of use**. It helps inform users about **their rights, responsibilities, and the legal conditions for accessing and using the website**.\" \/>\n<meta property=\"og:url\" content=\"https:\/\/thevillasarchitect.com\/es\/aviso-legal\/\" \/>\n<meta property=\"og:site_name\" content=\"Villas\" \/>\n<meta property=\"article:modified_time\" content=\"2026-03-09T14:28:14+00:00\" \/>\n<meta property=\"og:image\" content=\"https:\/\/thevillasarchitect.com\/wp-content\/uploads\/2024\/12\/villa-torrejon-arquitecto-sotogrande.jpg\" \/>\n\t<meta property=\"og:image:width\" content=\"1024\" \/>\n\t<meta property=\"og:image:height\" content=\"641\" \/>\n\t<meta property=\"og:image:type\" content=\"image\/jpeg\" \/>\n<meta name=\"twitter:card\" content=\"summary_large_image\" \/>\n<meta name=\"twitter:label1\" content=\"Tiempo de lectura\" \/>\n\t<meta name=\"twitter:data1\" content=\"4 minutos\" \/>\n<script type=\"application\/ld+json\" class=\"yoast-schema-graph\">{\"@context\":\"https:\\\/\\\/schema.org\",\"@graph\":[{\"@type\":\"WebPage\",\"@id\":\"https:\\\/\\\/thevillasarchitect.com\\\/es\\\/aviso-legal\\\/\",\"url\":\"https:\\\/\\\/thevillasarchitect.com\\\/es\\\/aviso-legal\\\/\",\"name\":\"Aviso Legal | Villas\",\"isPartOf\":{\"@id\":\"https:\\\/\\\/thevillasarchitect.com\\\/es\\\/#website\"},\"datePublished\":\"2024-12-11T13:58:56+00:00\",\"dateModified\":\"2026-03-09T14:28:14+00:00\",\"description\":\"A **legal notice** is a section on a website that provides **legal information about the site, its owner, and the terms of use**. It helps inform users about **their rights, responsibilities, and the legal conditions for accessing and using the website**.\",\"breadcrumb\":{\"@id\":\"https:\\\/\\\/thevillasarchitect.com\\\/es\\\/aviso-legal\\\/#breadcrumb\"},\"inLanguage\":\"es\",\"potentialAction\":[{\"@type\":\"ReadAction\",\"target\":[\"https:\\\/\\\/thevillasarchitect.com\\\/es\\\/aviso-legal\\\/\"]}]},{\"@type\":\"BreadcrumbList\",\"@id\":\"https:\\\/\\\/thevillasarchitect.com\\\/es\\\/aviso-legal\\\/#breadcrumb\",\"itemListElement\":[{\"@type\":\"ListItem\",\"position\":1,\"name\":\"Portada\",\"item\":\"https:\\\/\\\/thevillasarchitect.com\\\/es\\\/\"},{\"@type\":\"ListItem\",\"position\":2,\"name\":\"Aviso Legal\"}]},{\"@type\":\"WebSite\",\"@id\":\"https:\\\/\\\/thevillasarchitect.com\\\/es\\\/#website\",\"url\":\"https:\\\/\\\/thevillasarchitect.com\\\/es\\\/\",\"name\":\"The Villas Architect\",\"description\":\"The Villas Architect - Arquitecto en la Costa del Sol\",\"publisher\":{\"@id\":\"https:\\\/\\\/thevillasarchitect.com\\\/es\\\/#organization\"},\"alternateName\":\"The Villas Architect\",\"potentialAction\":[{\"@type\":\"SearchAction\",\"target\":{\"@type\":\"EntryPoint\",\"urlTemplate\":\"https:\\\/\\\/thevillasarchitect.com\\\/es\\\/?s={search_term_string}\"},\"query-input\":{\"@type\":\"PropertyValueSpecification\",\"valueRequired\":true,\"valueName\":\"search_term_string\"}}],\"inLanguage\":\"es\"},{\"@type\":\"Organization\",\"@id\":\"https:\\\/\\\/thevillasarchitect.com\\\/es\\\/#organization\",\"name\":\"The Villas Architect\",\"alternateName\":\"The Villas Architect - Arquitecto en la Costa del Sol\",\"url\":\"https:\\\/\\\/thevillasarchitect.com\\\/es\\\/\",\"logo\":{\"@type\":\"ImageObject\",\"inLanguage\":\"es\",\"@id\":\"https:\\\/\\\/thevillasarchitect.com\\\/es\\\/#\\\/schema\\\/logo\\\/image\\\/\",\"url\":\"https:\\\/\\\/thevillasarchitect.com\\\/wp-content\\\/uploads\\\/2024\\\/11\\\/villas-arhictect-malaga.webp\",\"contentUrl\":\"https:\\\/\\\/thevillasarchitect.com\\\/wp-content\\\/uploads\\\/2024\\\/11\\\/villas-arhictect-malaga.webp\",\"width\":1000,\"height\":185,\"caption\":\"The Villas Architect\"},\"image\":{\"@id\":\"https:\\\/\\\/thevillasarchitect.com\\\/es\\\/#\\\/schema\\\/logo\\\/image\\\/\"}}]}<\/script>\n<!-- \/ Yoast SEO plugin. -->","yoast_head_json":{"title":"Aviso Legal | Villas","description":"A **legal notice** is a section on a website that provides **legal information about the site, its owner, and the terms of use**. It helps inform users about **their rights, responsibilities, and the legal conditions for accessing and using the website**.","robots":{"index":"index","follow":"follow","max-snippet":"max-snippet:-1","max-image-preview":"max-image-preview:large","max-video-preview":"max-video-preview:-1"},"canonical":"https:\/\/thevillasarchitect.com\/es\/aviso-legal\/","og_locale":"es_ES","og_type":"article","og_title":"Aviso Legal | Villas","og_description":"A **legal notice** is a section on a website that provides **legal information about the site, its owner, and the terms of use**. It helps inform users about **their rights, responsibilities, and the legal conditions for accessing and using the website**.","og_url":"https:\/\/thevillasarchitect.com\/es\/aviso-legal\/","og_site_name":"Villas","article_modified_time":"2026-03-09T14:28:14+00:00","og_image":[{"width":1024,"height":641,"url":"https:\/\/thevillasarchitect.com\/wp-content\/uploads\/2024\/12\/villa-torrejon-arquitecto-sotogrande.jpg","type":"image\/jpeg"}],"twitter_card":"summary_large_image","twitter_misc":{"Tiempo de lectura":"4 minutos"},"schema":{"@context":"https:\/\/schema.org","@graph":[{"@type":"WebPage","@id":"https:\/\/thevillasarchitect.com\/es\/aviso-legal\/","url":"https:\/\/thevillasarchitect.com\/es\/aviso-legal\/","name":"Aviso Legal | Villas","isPartOf":{"@id":"https:\/\/thevillasarchitect.com\/es\/#website"},"datePublished":"2024-12-11T13:58:56+00:00","dateModified":"2026-03-09T14:28:14+00:00","description":"A **legal notice** is a section on a website that provides **legal information about the site, its owner, and the terms of use**. It helps inform users about **their rights, responsibilities, and the legal conditions for accessing and using the website**.","breadcrumb":{"@id":"https:\/\/thevillasarchitect.com\/es\/aviso-legal\/#breadcrumb"},"inLanguage":"es","potentialAction":[{"@type":"ReadAction","target":["https:\/\/thevillasarchitect.com\/es\/aviso-legal\/"]}]},{"@type":"BreadcrumbList","@id":"https:\/\/thevillasarchitect.com\/es\/aviso-legal\/#breadcrumb","itemListElement":[{"@type":"ListItem","position":1,"name":"Portada","item":"https:\/\/thevillasarchitect.com\/es\/"},{"@type":"ListItem","position":2,"name":"Aviso Legal"}]},{"@type":"WebSite","@id":"https:\/\/thevillasarchitect.com\/es\/#website","url":"https:\/\/thevillasarchitect.com\/es\/","name":"The Villas Architect","description":"The Villas Architect - Arquitecto en la Costa del Sol","publisher":{"@id":"https:\/\/thevillasarchitect.com\/es\/#organization"},"alternateName":"The Villas Architect","potentialAction":[{"@type":"SearchAction","target":{"@type":"EntryPoint","urlTemplate":"https:\/\/thevillasarchitect.com\/es\/?s={search_term_string}"},"query-input":{"@type":"PropertyValueSpecification","valueRequired":true,"valueName":"search_term_string"}}],"inLanguage":"es"},{"@type":"Organization","@id":"https:\/\/thevillasarchitect.com\/es\/#organization","name":"The Villas Architect","alternateName":"The Villas Architect - Arquitecto en la Costa del Sol","url":"https:\/\/thevillasarchitect.com\/es\/","logo":{"@type":"ImageObject","inLanguage":"es","@id":"https:\/\/thevillasarchitect.com\/es\/#\/schema\/logo\/image\/","url":"https:\/\/thevillasarchitect.com\/wp-content\/uploads\/2024\/11\/villas-arhictect-malaga.webp","contentUrl":"https:\/\/thevillasarchitect.com\/wp-content\/uploads\/2024\/11\/villas-arhictect-malaga.webp","width":1000,"height":185,"caption":"The Villas Architect"},"image":{"@id":"https:\/\/thevillasarchitect.com\/es\/#\/schema\/logo\/image\/"}}]}},"_links":{"self":[{"href":"https:\/\/thevillasarchitect.com\/es\/wp-json\/wp\/v2\/pages\/616","targetHints":{"allow":["GET"]}}],"collection":[{"href":"https:\/\/thevillasarchitect.com\/es\/wp-json\/wp\/v2\/pages"}],"about":[{"href":"https:\/\/thevillasarchitect.com\/es\/wp-json\/wp\/v2\/types\/page"}],"author":[{"embeddable":true,"href":"https:\/\/thevillasarchitect.com\/es\/wp-json\/wp\/v2\/users\/1"}],"replies":[{"embeddable":true,"href":"https:\/\/thevillasarchitect.com\/es\/wp-json\/wp\/v2\/comments?post=616"}],"version-history":[{"count":7,"href":"https:\/\/thevillasarchitect.com\/es\/wp-json\/wp\/v2\/pages\/616\/revisions"}],"predecessor-version":[{"id":1569,"href":"https:\/\/thevillasarchitect.com\/es\/wp-json\/wp\/v2\/pages\/616\/revisions\/1569"}],"wp:attachment":[{"href":"https:\/\/thevillasarchitect.com\/es\/wp-json\/wp\/v2\/media?parent=616"}],"curies":[{"name":"wp","href":"https:\/\/api.w.org\/{rel}","templated":true}]}}